{"id":8,"date":"2023-05-13T11:15:51","date_gmt":"2023-05-13T11:15:51","guid":{"rendered":"https:\/\/bauernhof.staude.net\/?page_id=8"},"modified":"2023-06-10T11:22:22","modified_gmt":"2023-06-10T11:22:22","slug":"startseite","status":"publish","type":"page","link":"https:\/\/bauernhof.staude.net\/","title":{"rendered":"Startseite"},"content":{"rendered":"\n<p>FERNERS HOFERLEBNIS<\/p>\n\n\n\n<h2 class=\"wp-block-heading\">FERNERS HOFERLEBNIS<\/h2>\n\n\n\n<p><\/p>\n\n\n\n<p><\/p>\n\n\n\n<p>HERZLICH WILLKOMMEN<\/p>\n\n\n\n<p>Landwirtschaft erleben und mit allen Sinnen entdecken<\/p>\n\n\n\n<p>bei uns auf dem Bauernhof der Familie Ferner.<\/p>\n\n\n\n<p>Wir sind Martina und Gerhard Ferner mit ihren drei Kindern Tobias, Lena und Matthias.<\/p>\n\n\n\n<p>Uns ist es wichtig Verbraucher und Landwirtschaft  wieder n\u00e4her zusammen zu bringen-<\/p>\n\n\n\n<p>f\u00fcr mehr gegenseitiges Verst\u00e4ndnis und ein respektvolles Miteinander.<\/p>\n\n\n\n<p>Aus diesem Grund haben wir uns entschieden, allen Interessierten<\/p>\n\n\n\n<p>die M\u00f6glichkeit zu geben, Landwirtschaft hautnah zu erleben.<\/p>\n\n\n\n<figure class=\"wp-block-image size-large\"><img loading=\"lazy\" decoding=\"async\" width=\"768\" height=\"1024\" src=\"https:\/\/bauernhof.staude.net\/wp-content\/uploads\/2023\/06\/IMG_20230609_212254-768x1024.jpg\" alt=\"\" class=\"wp-image-27\" srcset=\"https:\/\/bauernhof.staude.net\/wp-content\/uploads\/2023\/06\/IMG_20230609_212254-768x1024.jpg 768w, https:\/\/bauernhof.staude.net\/wp-content\/uploads\/2023\/06\/IMG_20230609_212254-225x300.jpg 225w, https:\/\/bauernhof.staude.net\/wp-content\/uploads\/2023\/06\/IMG_20230609_212254-1152x1536.jpg 1152w, https:\/\/bauernhof.staude.net\/wp-content\/uploads\/2023\/06\/IMG_20230609_212254.jpg 1536w\" sizes=\"auto, (max-width: 768px) 100vw, 768px\" \/><\/figure>\n\n\n\n<p>Wir sind ein Milchviehbetrieb, mit ca. 50 Milchk\u00fchen und ihrem Nachwuchs, am Rande von Neuendettelsau.<\/p>\n\n\n\n<p>Unser Programm beginnt meist im Kuhstall, wo unseren Besuchern viel \u00fcber K\u00fche und K\u00e4lber erz\u00e4hlt wird.<\/p>\n\n\n\n<p>Es wird erkl\u00e4rt wo die Milch herkommt und welche Arbeitsvorg\u00e4nge zur Lebensmittelerzeugung ben\u00f6tigt werden.<\/p>\n\n\n\n<figure class=\"wp-block-image size-large\"><img loading=\"lazy\" decoding=\"async\" width=\"768\" height=\"1024\" src=\"https:\/\/bauernhof.staude.net\/wp-content\/uploads\/2023\/06\/IMG-20221126-WA0054-768x1024.jpg\" alt=\"\" class=\"wp-image-17\" srcset=\"https:\/\/bauernhof.staude.net\/wp-content\/uploads\/2023\/06\/IMG-20221126-WA0054-768x1024.jpg 768w, https:\/\/bauernhof.staude.net\/wp-content\/uploads\/2023\/06\/IMG-20221126-WA0054-225x300.jpg 225w, https:\/\/bauernhof.staude.net\/wp-content\/uploads\/2023\/06\/IMG-20221126-WA0054-1152x1536.jpg 1152w, https:\/\/bauernhof.staude.net\/wp-content\/uploads\/2023\/06\/IMG-20221126-WA0054.jpg 1536w\" sizes=\"auto, (max-width: 768px) 100vw, 768px\" \/><\/figure>\n\n\n\n<p>Danach d\u00fcrfen unsere Besucher aktiv mithelfen beim F\u00fcttern und Versorgen der Tiere.<\/p>\n\n\n\n<figure class=\"wp-block-image size-large is-resized\"><img loading=\"lazy\" decoding=\"async\" src=\"https:\/\/bauernhof.staude.net\/wp-content\/uploads\/2023\/06\/IMG-20221126-WA0056-768x1024.jpg\" alt=\"\" class=\"wp-image-15\" width=\"768\" height=\"1024\" srcset=\"https:\/\/bauernhof.staude.net\/wp-content\/uploads\/2023\/06\/IMG-20221126-WA0056-768x1024.jpg 768w, https:\/\/bauernhof.staude.net\/wp-content\/uploads\/2023\/06\/IMG-20221126-WA0056-225x300.jpg 225w, https:\/\/bauernhof.staude.net\/wp-content\/uploads\/2023\/06\/IMG-20221126-WA0056-1152x1536.jpg 1152w, https:\/\/bauernhof.staude.net\/wp-content\/uploads\/2023\/06\/IMG-20221126-WA0056.jpg 1536w\" sizes=\"auto, (max-width: 768px) 100vw, 768px\" \/><\/figure>\n\n\n\n<figure class=\"wp-block-image size-large\"><img loading=\"lazy\" decoding=\"async\" width=\"768\" height=\"1024\" src=\"https:\/\/bauernhof.staude.net\/wp-content\/uploads\/2023\/06\/IMG_20230609_211525-768x1024.jpg\" alt=\"\" class=\"wp-image-29\" srcset=\"https:\/\/bauernhof.staude.net\/wp-content\/uploads\/2023\/06\/IMG_20230609_211525-768x1024.jpg 768w, https:\/\/bauernhof.staude.net\/wp-content\/uploads\/2023\/06\/IMG_20230609_211525-225x300.jpg 225w, https:\/\/bauernhof.staude.net\/wp-content\/uploads\/2023\/06\/IMG_20230609_211525-1152x1536.jpg 1152w, https:\/\/bauernhof.staude.net\/wp-content\/uploads\/2023\/06\/IMG_20230609_211525.jpg 1536w\" sizes=\"auto, (max-width: 768px) 100vw, 768px\" \/><\/figure>\n\n\n\n<p>Au\u00dferdem gibt es noch viel bei den H\u00fchnern und Hasen zu erleben!<\/p>\n\n\n\n<figure class=\"wp-block-image size-large\"><img loading=\"lazy\" decoding=\"async\" width=\"768\" height=\"1024\" src=\"https:\/\/bauernhof.staude.net\/wp-content\/uploads\/2023\/06\/IMG_20230609_211817-768x1024.jpg\" alt=\"\" class=\"wp-image-28\" srcset=\"https:\/\/bauernhof.staude.net\/wp-content\/uploads\/2023\/06\/IMG_20230609_211817-768x1024.jpg 768w, https:\/\/bauernhof.staude.net\/wp-content\/uploads\/2023\/06\/IMG_20230609_211817-225x300.jpg 225w, https:\/\/bauernhof.staude.net\/wp-content\/uploads\/2023\/06\/IMG_20230609_211817-1152x1536.jpg 1152w, https:\/\/bauernhof.staude.net\/wp-content\/uploads\/2023\/06\/IMG_20230609_211817.jpg 1536w\" sizes=\"auto, (max-width: 768px) 100vw, 768px\" \/><\/figure>\n\n\n\n<p>UNSER MOTTO LAUTET:<\/p>\n\n\n\n<p>Sage es mir, und ich vergesse es.<\/p>\n\n\n\n<p>Zeige es mir, und ich erinnere mich.<\/p>\n\n\n\n<p>Lass es mich tun, und ich behalte es!<\/p>\n\n\n\n<p>Nach Konfuzius<\/p>\n\n\n\n<figure class=\"wp-block-image size-large is-resized\"><img loading=\"lazy\" decoding=\"async\" src=\"https:\/\/bauernhof.staude.net\/wp-content\/uploads\/2023\/06\/IMG-20221126-WA0025-768x1024.jpg\" alt=\"\" class=\"wp-image-21\" width=\"768\" height=\"1024\" srcset=\"https:\/\/bauernhof.staude.net\/wp-content\/uploads\/2023\/06\/IMG-20221126-WA0025-768x1024.jpg 768w, https:\/\/bauernhof.staude.net\/wp-content\/uploads\/2023\/06\/IMG-20221126-WA0025-225x300.jpg 225w, https:\/\/bauernhof.staude.net\/wp-content\/uploads\/2023\/06\/IMG-20221126-WA0025-1152x1536.jpg 1152w, https:\/\/bauernhof.staude.net\/wp-content\/uploads\/2023\/06\/IMG-20221126-WA0025.jpg 1536w\" sizes=\"auto, (max-width: 768px) 100vw, 768px\" \/><\/figure>\n\n\n\n<p>Bei uns geht Schule auf den Bauernhof!<\/p>\n\n\n\n<p>Kostenlos zu uns!<\/p>\n\n\n\n<p>Das Programm ,,Erlebnis Bauernhof&#8220; des Bayerischen Staatsministeriums f\u00fcr Ern\u00e4hrung, Landwirtschaft und Forsten<\/p>\n\n\n\n<p>erm\u00f6glicht bestimmten Schulgruppen die Teilnahme an einem kostenfreien Lernprogramm auf einen Bauernhof.<\/p>\n\n\n\n<p>Infos unter www.stmelf.bayern.de\/erlebnis-bauernhof<\/p>\n\n\n\n<figure class=\"wp-block-image size-large\"><img loading=\"lazy\" decoding=\"async\" width=\"1024\" height=\"740\" src=\"https:\/\/bauernhof.staude.net\/wp-content\/uploads\/2023\/06\/IMG_20230610_115245-1024x740.jpg\" alt=\"\" class=\"wp-image-39\" srcset=\"https:\/\/bauernhof.staude.net\/wp-content\/uploads\/2023\/06\/IMG_20230610_115245-1024x740.jpg 1024w, https:\/\/bauernhof.staude.net\/wp-content\/uploads\/2023\/06\/IMG_20230610_115245-300x217.jpg 300w, https:\/\/bauernhof.staude.net\/wp-content\/uploads\/2023\/06\/IMG_20230610_115245-768x555.jpg 768w, https:\/\/bauernhof.staude.net\/wp-content\/uploads\/2023\/06\/IMG_20230610_115245-1536x1110.jpg 1536w, https:\/\/bauernhof.staude.net\/wp-content\/uploads\/2023\/06\/IMG_20230610_115245-2048x1481.jpg 2048w\" sizes=\"auto, (max-width: 1024px) 100vw, 1024px\" \/><\/figure>\n\n\n\n<p>Unser Hof ist ein zertifizierter Erlebnisbauernhof.<\/p>\n\n\n\n<p>Das hei\u00dft, bei uns k\u00f6nnt ihr Hoff\u00fchrungen mit tollen Aktionen buchen.<\/p>\n\n\n\n<p>Habt ihr schon mal Butter gesch\u00fcttelt, frische Kuhmilch getrunken, eure eigenen Haferflocken gequetscht?<\/p>\n\n\n\n<p>Ein Euter angefasst, ein K\u00e4lbchen an euren Fingern saugen lassen oder ein Huhn gestreichelt?<\/p>\n\n\n\n<p>All diese Dinge gilt es zu erleben und auszuprobieren.<\/p>\n\n\n\n<p><\/p>\n\n\n\n<figure class=\"wp-block-image size-large\"><img loading=\"lazy\" decoding=\"async\" width=\"768\" height=\"1024\" src=\"https:\/\/bauernhof.staude.net\/wp-content\/uploads\/2023\/06\/IMG-20221126-WA0014-768x1024.jpg\" alt=\"\" class=\"wp-image-23\" srcset=\"https:\/\/bauernhof.staude.net\/wp-content\/uploads\/2023\/06\/IMG-20221126-WA0014-768x1024.jpg 768w, https:\/\/bauernhof.staude.net\/wp-content\/uploads\/2023\/06\/IMG-20221126-WA0014-225x300.jpg 225w, https:\/\/bauernhof.staude.net\/wp-content\/uploads\/2023\/06\/IMG-20221126-WA0014-1152x1536.jpg 1152w, https:\/\/bauernhof.staude.net\/wp-content\/uploads\/2023\/06\/IMG-20221126-WA0014.jpg 1536w\" sizes=\"auto, (max-width: 768px) 100vw, 768px\" \/><\/figure>\n\n\n\n<figure class=\"wp-block-image size-large is-resized\"><img loading=\"lazy\" decoding=\"async\" src=\"https:\/\/bauernhof.staude.net\/wp-content\/uploads\/2023\/06\/IMG-20221126-WA0052-edited.jpg\" alt=\"\" class=\"wp-image-43\" width=\"1024\" height=\"1365\" srcset=\"https:\/\/bauernhof.staude.net\/wp-content\/uploads\/2023\/06\/IMG-20221126-WA0052-edited.jpg 1365w, https:\/\/bauernhof.staude.net\/wp-content\/uploads\/2023\/06\/IMG-20221126-WA0052-edited-225x300.jpg 225w, https:\/\/bauernhof.staude.net\/wp-content\/uploads\/2023\/06\/IMG-20221126-WA0052-edited-768x1024.jpg 768w, https:\/\/bauernhof.staude.net\/wp-content\/uploads\/2023\/06\/IMG-20221126-WA0052-edited-1152x1536.jpg 1152w\" sizes=\"auto, (max-width: 1024px) 100vw, 1024px\" \/><\/figure>\n\n\n\n<p>Unser Erlebnisbauernhof-Angebot richtet sich an:<\/p>\n\n\n\n<ul class=\"wp-block-list\">\n<li>Schulklassen<\/li>\n\n\n\n<li>Kindergartengruppen<\/li>\n\n\n\n<li>Eltern-Kind-Gruppen<\/li>\n\n\n\n<li>Familien<\/li>\n\n\n\n<li>Gro\u00dfeltern mit ihren Enkeln<\/li>\n\n\n\n<li>Menschen mit Handicap<\/li>\n\n\n\n<li>Senioren<\/li>\n<\/ul>\n\n\n\n<p>Unser Hof steht allen Besuchergruppen offen.<\/p>\n\n\n\n<p>JEDER IST WILLKOMMEN!<\/p>\n\n\n\n<p>KOMMEN SIE VORBEI!<\/p>\n\n\n\n<p>WIR FREUEN UNS AUF SIE!<\/p>\n\n\n\n<p>Unser Kontakt bitte unter:<\/p>\n\n\n\n<p>0178 2101398<\/p>\n\n\n\n<p>oder gmferner@hotmail.de<\/p>\n\n\n\n<p>Zu finden sind wir zwischen Neuendettelsau und Haag.<\/p>\n\n\n\n<p>In Neuendettelsau an der Feuerwehr vorbei Richtung Industriegebiet.<\/p>\n\n\n\n<p>Nach ca. 500 Meter seht ihr dann unseren Hof auf der linken Seite.<\/p>\n\n\n","protected":false},"excerpt":{"rendered":"<p>FERNERS HOFERLEBNIS FERNERS HOFERLEBNIS HERZLICH WILLKOMMEN Landwirtschaft erleben und mit allen Sinnen entdecken bei uns auf dem Bauernhof der Familie Ferner. Wir sind Martina und Gerhard Ferner mit ihren drei Kindern Tobias, Lena und Matthias. Uns ist es wichtig Verbraucher und Landwirtschaft wieder n\u00e4her zusammen zu bringen- f\u00fcr mehr gegenseitiges Verst\u00e4ndnis und ein respektvolles Miteinander. &hellip;<\/p>\n<p class=\"read-more\"> <a class=\"\" href=\"https:\/\/bauernhof.staude.net\/\"> <span class=\"screen-reader-text\">Startseite<\/span> Weiterlesen &raquo;<\/a><\/p>\n","protected":false},"author":1,"featured_media":0,"parent":0,"menu_order":0,"comment_status":"closed","ping_status":"closed","template":"","meta":{"_uag_custom_page_level_css":"","site-sidebar-layout":"default","site-content-layout":"default","ast-global-header-display":"","ast-banner-title-visibility":"","ast-main-header-display":"","ast-hfb-above-header-display":"","ast-hfb-below-header-display":"","ast-hfb-mobile-header-display":"","site-post-title":"","ast-breadcrumbs-content":"","ast-featured-img":"","footer-sml-layout":"","theme-transparent-header-meta":"","adv-header-id-meta":"","stick-header-meta":"","header-above-stick-meta":"","header-main-stick-meta":"","header-below-stick-meta":"","footnotes":""},"class_list":["post-8","page","type-page","status-publish","hentry"],"uagb_featured_image_src":{"full":false,"thumbnail":false,"medium":false,"medium_large":false,"large":false,"1536x1536":false,"2048x2048":false},"uagb_author_info":{"display_name":"admin","author_link":"https:\/\/bauernhof.staude.net\/index.php\/author\/admin\/"},"uagb_comment_info":0,"uagb_excerpt":"FERNERS HOFERLEBNIS FERNERS HOFERLEBNIS HERZLICH WILLKOMMEN Landwirtschaft erleben und mit allen Sinnen entdecken bei uns auf dem Bauernhof der Familie Ferner. Wir sind Martina und Gerhard Ferner mit ihren drei Kindern Tobias, Lena und Matthias. Uns ist es wichtig Verbraucher und Landwirtschaft wieder n\u00e4her zusammen zu bringen- f\u00fcr mehr gegenseitiges Verst\u00e4ndnis und ein respektvolles Miteinander.&hellip;","_links":{"self":[{"href":"https:\/\/bauernhof.staude.net\/index.php\/wp-json\/wp\/v2\/pages\/8","targetHints":{"allow":["GET"]}}],"collection":[{"href":"https:\/\/bauernhof.staude.net\/index.php\/wp-json\/wp\/v2\/pages"}],"about":[{"href":"https:\/\/bauernhof.staude.net\/index.php\/wp-json\/wp\/v2\/types\/page"}],"author":[{"embeddable":true,"href":"https:\/\/bauernhof.staude.net\/index.php\/wp-json\/wp\/v2\/users\/1"}],"replies":[{"embeddable":true,"href":"https:\/\/bauernhof.staude.net\/index.php\/wp-json\/wp\/v2\/comments?post=8"}],"version-history":[{"count":9,"href":"https:\/\/bauernhof.staude.net\/index.php\/wp-json\/wp\/v2\/pages\/8\/revisions"}],"predecessor-version":[{"id":49,"href":"https:\/\/bauernhof.staude.net\/index.php\/wp-json\/wp\/v2\/pages\/8\/revisions\/49"}],"wp:attachment":[{"href":"https:\/\/bauernhof.staude.net\/index.php\/wp-json\/wp\/v2\/media?parent=8"}],"curies":[{"name":"wp","href":"https:\/\/api.w.org\/{rel}","templated":true}]}}